{"id":757,"date":"2021-05-12T11:59:59","date_gmt":"2021-05-12T09:59:59","guid":{"rendered":"https:\/\/aveculture.fr\/expo-vr\/REYNIES1930\/?page_id=757"},"modified":"2022-01-04T13:06:17","modified_gmt":"2022-01-04T12:06:17","slug":"architecture-8","status":"publish","type":"page","link":"https:\/\/expo-vr.fr\/ReyniesArtDeco\/architecture-8\/","title":{"rendered":"Architecture Art D\u00e9co 8"},"content":{"rendered":"<!-- Added by Post\/Page Specific Custom Code plugin, thank you for using! -->\n<style>.wrapper{display:flex;\r\nflex-direction: column;\r\nalign-items: center;}\r\n\r\n.texte{display : inline-block; max-width:674px}\r\n\r\n.entry-content p::before{display:none}\r\n\r\n.imageContainer>*+*{\r\nmargin-top: 1em;\r\n}<\/style>\n\n<script>\n    const page = jQuery(\"h1.entry-title\").text();\n    markAsViewed(page);\n<\/script>\n\n\n\n<p><\/p>\n\n\n\n<div class=\"wrapper\">\n<div class=\"texte\">\n<div class=\"translatable\">\n<p style=\"text-align: justify;\">\nB\u00e2timent Art D\u00e9co remarquable de par un travail sur les volumes fait sur sa fa\u00e7ade. L\u2019entr\u00e9e se trouve en renfoncement dans la fa\u00e7ade permettant de se d\u00e9velopper un porche en galerie dont l\u2019ouverture est arrondie. Les ouvertures dans la fa\u00e7ade sont agrandies et forment des balcons couverts faisant penser \u00e0 une coursive. Les s\u00e9ries de briques sont utilis\u00e9es pour souligner les diff\u00e9rents niveaux de la maison ainsi que les ouvertures du premier \u00e9tage, celle du porche suit l\u2019arrondi. En enduit blanc, le rez-de-chauss\u00e9e est quant \u00e0 lui fait en moellons. Le c\u00f4t\u00e9 gauche de la maison offre d\u2019autres points : l\u2019entr\u00e9e \u00e9tant accessible par un petit escalier, le parement en pierre suit alors les marches permettant une sym\u00e9trie des traits. Ce parement est entour\u00e9 par une ligne de briques.\n\nLes plans de cette impressionnante maison sont all\u00e9s jusqu&rsquo;\u00e0 s&rsquo;exporter aux Etats-Unis, quelque part dans la ville de Miami en Floride, connue pour ses nombreux b\u00e2timents dans le style Art d\u00e9co.\n<\/p>\n<br>\n<\/div>\n<div class=\"imageContainer\">\n<figure>\n<img decoding=\"async\" class=\"aligncenter\" src=\"https:\/\/expo-vr.fr\/ReyniesArtDeco\/wp-content\/uploads\/2021\/12\/A8.6-scaled.jpg\" alt=\"\">\n<\/figure>\n<figure>\n<img decoding=\"async\" class=\"aligncenter\" src=\"https:\/\/expo-vr.fr\/ReyniesArtDeco\/wp-content\/uploads\/2021\/12\/A8.1-scaled.jpg\" alt=\"\">\n<\/figure>\n<figure>\n<img decoding=\"async\" class=\"aligncenter\" src=\"https:\/\/expo-vr.fr\/ReyniesArtDeco\/wp-content\/uploads\/2021\/12\/A8.4-scaled.jpg\" alt=\"\">\n<\/figure>\n<figure>\n<img decoding=\"async\" class=\"aligncenter\" src=\"https:\/\/expo-vr.fr\/ReyniesArtDeco\/wp-content\/uploads\/2021\/12\/A8.2-scaled.jpg\" alt=\"\">\n<\/figure>\n\n\n<\/div><\/div><\/div>\n","protected":false},"excerpt":{"rendered":"<p>B\u00e2timent Art D\u00e9co remarquable de par un travail sur les volumes fait sur sa fa\u00e7ade. L\u2019entr\u00e9e se trouve en renfoncement dans la fa\u00e7ade permettant de se d\u00e9velopper un porche en galerie dont l\u2019ouverture est arrondie. Les ouvertures dans la fa\u00e7ade sont agrandies et forment des balcons couverts faisant penser \u00e0 une coursive. Les s\u00e9ries de [&hellip;]<\/p>\n","protected":false},"author":6,"featured_media":0,"parent":0,"menu_order":0,"comment_status":"closed","ping_status":"closed","template":"","meta":{"site-sidebar-layout":"default","site-content-layout":"default","ast-site-content-layout":"default","site-content-style":"default","site-sidebar-style":"default","ast-global-header-display":"","ast-banner-title-visibility":"","ast-main-header-display":"","ast-hfb-above-header-display":"","ast-hfb-below-header-display":"","ast-hfb-mobile-header-display":"","site-post-title":"","ast-breadcrumbs-content":"","ast-featured-img":"","footer-sml-layout":"","ast-disable-related-posts":"","theme-transparent-header-meta":"default","adv-header-id-meta":"","stick-header-meta":"","header-above-stick-meta":"","header-main-stick-meta":"","header-below-stick-meta":"","astra-migrate-meta-layouts":"default","ast-page-background-enabled":"default","ast-page-background-meta":{"desktop":{"background-color":"","background-image":"","background-repeat":"repeat","background-position":"center center","background-size":"auto","background-attachment":"scroll","background-type":"","background-media":"","overlay-type":"","overlay-color":"","overlay-opacity":"","overlay-gradient":""},"tablet":{"background-color":"","background-image":"","background-repeat":"repeat","background-position":"center center","background-size":"auto","background-attachment":"scroll","background-type":"","background-media":"","overlay-type":"","overlay-color":"","overlay-opacity":"","overlay-gradient":""},"mobile":{"background-color":"","background-image":"","background-repeat":"repeat","background-position":"center center","background-size":"auto","background-attachment":"scroll","background-type":"","background-media":"","overlay-type":"","overlay-color":"","overlay-opacity":"","overlay-gradient":""}},"ast-content-background-meta":{"desktop":{"background-color":"var(--ast-global-color-5)","background-image":"","background-repeat":"repeat","background-position":"center center","background-size":"auto","background-attachment":"scroll","background-type":"","background-media":"","overlay-type":"","overlay-color":"","overlay-opacity":"","overlay-gradient":""},"tablet":{"background-color":"var(--ast-global-color-5)","background-image":"","background-repeat":"repeat","background-position":"center center","background-size":"auto","background-attachment":"scroll","background-type":"","background-media":"","overlay-type":"","overlay-color":"","overlay-opacity":"","overlay-gradient":""},"mobile":{"background-color":"var(--ast-global-color-5)","background-image":"","background-repeat":"repeat","background-position":"center center","background-size":"auto","background-attachment":"scroll","background-type":"","background-media":"","overlay-type":"","overlay-color":"","overlay-opacity":"","overlay-gradient":""}},"iawp_total_views":112,"footnotes":""},"class_list":["post-757","page","type-page","status-publish","hentry"],"yoast_head":"<!-- This site is optimized with the Yoast SEO plugin v27.5 - https:\/\/yoast.com\/product\/yoast-seo-wordpress\/ -->\n<title>Architecture Art D\u00e9co 8 - Reynies Art D\u00e9co, un village du XXe si\u00e8cle<\/title>\n<meta name=\"robots\" content=\"index, follow, max-snippet:-1, max-image-preview:large, max-video-preview:-1\" \/>\n<link rel=\"canonical\" href=\"https:\/\/expo-vr.fr\/ReyniesArtDeco\/architecture-8\/\" \/>\n<meta property=\"og:locale\" content=\"fr_FR\" \/>\n<meta property=\"og:type\" content=\"article\" \/>\n<meta property=\"og:title\" content=\"Architecture Art D\u00e9co 8 - Reynies Art D\u00e9co, un village du XXe si\u00e8cle\" \/>\n<meta property=\"og:description\" content=\"B\u00e2timent Art D\u00e9co remarquable de par un travail sur les volumes fait sur sa fa\u00e7ade. L\u2019entr\u00e9e se trouve en renfoncement dans la fa\u00e7ade permettant de se d\u00e9velopper un porche en galerie dont l\u2019ouverture est arrondie. Les ouvertures dans la fa\u00e7ade sont agrandies et forment des balcons couverts faisant penser \u00e0 une coursive. Les s\u00e9ries de [&hellip;]\" \/>\n<meta property=\"og:url\" content=\"https:\/\/expo-vr.fr\/ReyniesArtDeco\/architecture-8\/\" \/>\n<meta property=\"og:site_name\" content=\"Reynies Art D\u00e9co, un village du XXe si\u00e8cle\" \/>\n<meta property=\"article:modified_time\" content=\"2022-01-04T12:06:17+00:00\" \/>\n<meta property=\"og:image\" content=\"https:\/\/expo-vr.fr\/ReyniesArtDeco\/wp-content\/uploads\/2021\/12\/A8.6-scaled.jpg\" \/>\n<meta name=\"twitter:card\" content=\"summary_large_image\" \/>\n<meta name=\"twitter:label1\" content=\"Dur\u00e9e de lecture estim\u00e9e\" \/>\n\t<meta name=\"twitter:data1\" content=\"1 minute\" \/>\n<script type=\"application\/ld+json\" class=\"yoast-schema-graph\">{\"@context\":\"https:\\\/\\\/schema.org\",\"@graph\":[{\"@type\":\"WebPage\",\"@id\":\"https:\\\/\\\/expo-vr.fr\\\/ReyniesArtDeco\\\/architecture-8\\\/\",\"url\":\"https:\\\/\\\/expo-vr.fr\\\/ReyniesArtDeco\\\/architecture-8\\\/\",\"name\":\"Architecture Art D\u00e9co 8 - Reynies Art D\u00e9co, un village du XXe si\u00e8cle\",\"isPartOf\":{\"@id\":\"https:\\\/\\\/expo-vr.fr\\\/ReyniesArtDeco\\\/#website\"},\"primaryImageOfPage\":{\"@id\":\"https:\\\/\\\/expo-vr.fr\\\/ReyniesArtDeco\\\/architecture-8\\\/#primaryimage\"},\"image\":{\"@id\":\"https:\\\/\\\/expo-vr.fr\\\/ReyniesArtDeco\\\/architecture-8\\\/#primaryimage\"},\"thumbnailUrl\":\"https:\\\/\\\/expo-vr.fr\\\/ReyniesArtDeco\\\/wp-content\\\/uploads\\\/2021\\\/12\\\/A8.6-scaled.jpg\",\"datePublished\":\"2021-05-12T09:59:59+00:00\",\"dateModified\":\"2022-01-04T12:06:17+00:00\",\"breadcrumb\":{\"@id\":\"https:\\\/\\\/expo-vr.fr\\\/ReyniesArtDeco\\\/architecture-8\\\/#breadcrumb\"},\"inLanguage\":\"fr-FR\",\"potentialAction\":[{\"@type\":\"ReadAction\",\"target\":[\"https:\\\/\\\/expo-vr.fr\\\/ReyniesArtDeco\\\/architecture-8\\\/\"]}]},{\"@type\":\"ImageObject\",\"inLanguage\":\"fr-FR\",\"@id\":\"https:\\\/\\\/expo-vr.fr\\\/ReyniesArtDeco\\\/architecture-8\\\/#primaryimage\",\"url\":\"https:\\\/\\\/expo-vr.fr\\\/ReyniesArtDeco\\\/wp-content\\\/uploads\\\/2021\\\/12\\\/A8.6-scaled.jpg\",\"contentUrl\":\"https:\\\/\\\/expo-vr.fr\\\/ReyniesArtDeco\\\/wp-content\\\/uploads\\\/2021\\\/12\\\/A8.6-scaled.jpg\",\"width\":2560,\"height\":1714},{\"@type\":\"BreadcrumbList\",\"@id\":\"https:\\\/\\\/expo-vr.fr\\\/ReyniesArtDeco\\\/architecture-8\\\/#breadcrumb\",\"itemListElement\":[{\"@type\":\"ListItem\",\"position\":1,\"name\":\"Accueil\",\"item\":\"https:\\\/\\\/expo-vr.fr\\\/ReyniesArtDeco\\\/\"},{\"@type\":\"ListItem\",\"position\":2,\"name\":\"Architecture Art D\u00e9co 8\"}]},{\"@type\":\"WebSite\",\"@id\":\"https:\\\/\\\/expo-vr.fr\\\/ReyniesArtDeco\\\/#website\",\"url\":\"https:\\\/\\\/expo-vr.fr\\\/ReyniesArtDeco\\\/\",\"name\":\"Reynies Art D\u00e9co, un village du XXe si\u00e8cle\",\"description\":\"\",\"publisher\":{\"@id\":\"https:\\\/\\\/expo-vr.fr\\\/ReyniesArtDeco\\\/#organization\"},\"potentialAction\":[{\"@type\":\"SearchAction\",\"target\":{\"@type\":\"EntryPoint\",\"urlTemplate\":\"https:\\\/\\\/expo-vr.fr\\\/ReyniesArtDeco\\\/?s={search_term_string}\"},\"query-input\":{\"@type\":\"PropertyValueSpecification\",\"valueRequired\":true,\"valueName\":\"search_term_string\"}}],\"inLanguage\":\"fr-FR\"},{\"@type\":\"Organization\",\"@id\":\"https:\\\/\\\/expo-vr.fr\\\/ReyniesArtDeco\\\/#organization\",\"name\":\"Ville de Reyni\u00e8s\",\"url\":\"https:\\\/\\\/expo-vr.fr\\\/ReyniesArtDeco\\\/\",\"logo\":{\"@type\":\"ImageObject\",\"inLanguage\":\"fr-FR\",\"@id\":\"https:\\\/\\\/expo-vr.fr\\\/ReyniesArtDeco\\\/#\\\/schema\\\/logo\\\/image\\\/\",\"url\":\"https:\\\/\\\/expo-vr.fr\\\/ReyniesArtDeco\\\/wp-content\\\/uploads\\\/2021\\\/11\\\/Logo-V2-copie.svg\",\"contentUrl\":\"https:\\\/\\\/expo-vr.fr\\\/ReyniesArtDeco\\\/wp-content\\\/uploads\\\/2021\\\/11\\\/Logo-V2-copie.svg\",\"width\":127,\"height\":56,\"caption\":\"Ville de Reyni\u00e8s\"},\"image\":{\"@id\":\"https:\\\/\\\/expo-vr.fr\\\/ReyniesArtDeco\\\/#\\\/schema\\\/logo\\\/image\\\/\"}}]}<\/script>\n<!-- \/ Yoast SEO plugin. -->","yoast_head_json":{"title":"Architecture Art D\u00e9co 8 - Reynies Art D\u00e9co, un village du XXe si\u00e8cle","robots":{"index":"index","follow":"follow","max-snippet":"max-snippet:-1","max-image-preview":"max-image-preview:large","max-video-preview":"max-video-preview:-1"},"canonical":"https:\/\/expo-vr.fr\/ReyniesArtDeco\/architecture-8\/","og_locale":"fr_FR","og_type":"article","og_title":"Architecture Art D\u00e9co 8 - Reynies Art D\u00e9co, un village du XXe si\u00e8cle","og_description":"B\u00e2timent Art D\u00e9co remarquable de par un travail sur les volumes fait sur sa fa\u00e7ade. L\u2019entr\u00e9e se trouve en renfoncement dans la fa\u00e7ade permettant de se d\u00e9velopper un porche en galerie dont l\u2019ouverture est arrondie. Les ouvertures dans la fa\u00e7ade sont agrandies et forment des balcons couverts faisant penser \u00e0 une coursive. Les s\u00e9ries de [&hellip;]","og_url":"https:\/\/expo-vr.fr\/ReyniesArtDeco\/architecture-8\/","og_site_name":"Reynies Art D\u00e9co, un village du XXe si\u00e8cle","article_modified_time":"2022-01-04T12:06:17+00:00","og_image":[{"url":"https:\/\/expo-vr.fr\/ReyniesArtDeco\/wp-content\/uploads\/2021\/12\/A8.6-scaled.jpg","type":"","width":"","height":""}],"twitter_card":"summary_large_image","twitter_misc":{"Dur\u00e9e de lecture estim\u00e9e":"1 minute"},"schema":{"@context":"https:\/\/schema.org","@graph":[{"@type":"WebPage","@id":"https:\/\/expo-vr.fr\/ReyniesArtDeco\/architecture-8\/","url":"https:\/\/expo-vr.fr\/ReyniesArtDeco\/architecture-8\/","name":"Architecture Art D\u00e9co 8 - Reynies Art D\u00e9co, un village du XXe si\u00e8cle","isPartOf":{"@id":"https:\/\/expo-vr.fr\/ReyniesArtDeco\/#website"},"primaryImageOfPage":{"@id":"https:\/\/expo-vr.fr\/ReyniesArtDeco\/architecture-8\/#primaryimage"},"image":{"@id":"https:\/\/expo-vr.fr\/ReyniesArtDeco\/architecture-8\/#primaryimage"},"thumbnailUrl":"https:\/\/expo-vr.fr\/ReyniesArtDeco\/wp-content\/uploads\/2021\/12\/A8.6-scaled.jpg","datePublished":"2021-05-12T09:59:59+00:00","dateModified":"2022-01-04T12:06:17+00:00","breadcrumb":{"@id":"https:\/\/expo-vr.fr\/ReyniesArtDeco\/architecture-8\/#breadcrumb"},"inLanguage":"fr-FR","potentialAction":[{"@type":"ReadAction","target":["https:\/\/expo-vr.fr\/ReyniesArtDeco\/architecture-8\/"]}]},{"@type":"ImageObject","inLanguage":"fr-FR","@id":"https:\/\/expo-vr.fr\/ReyniesArtDeco\/architecture-8\/#primaryimage","url":"https:\/\/expo-vr.fr\/ReyniesArtDeco\/wp-content\/uploads\/2021\/12\/A8.6-scaled.jpg","contentUrl":"https:\/\/expo-vr.fr\/ReyniesArtDeco\/wp-content\/uploads\/2021\/12\/A8.6-scaled.jpg","width":2560,"height":1714},{"@type":"BreadcrumbList","@id":"https:\/\/expo-vr.fr\/ReyniesArtDeco\/architecture-8\/#breadcrumb","itemListElement":[{"@type":"ListItem","position":1,"name":"Accueil","item":"https:\/\/expo-vr.fr\/ReyniesArtDeco\/"},{"@type":"ListItem","position":2,"name":"Architecture Art D\u00e9co 8"}]},{"@type":"WebSite","@id":"https:\/\/expo-vr.fr\/ReyniesArtDeco\/#website","url":"https:\/\/expo-vr.fr\/ReyniesArtDeco\/","name":"Reynies Art D\u00e9co, un village du XXe si\u00e8cle","description":"","publisher":{"@id":"https:\/\/expo-vr.fr\/ReyniesArtDeco\/#organization"},"potentialAction":[{"@type":"SearchAction","target":{"@type":"EntryPoint","urlTemplate":"https:\/\/expo-vr.fr\/ReyniesArtDeco\/?s={search_term_string}"},"query-input":{"@type":"PropertyValueSpecification","valueRequired":true,"valueName":"search_term_string"}}],"inLanguage":"fr-FR"},{"@type":"Organization","@id":"https:\/\/expo-vr.fr\/ReyniesArtDeco\/#organization","name":"Ville de Reyni\u00e8s","url":"https:\/\/expo-vr.fr\/ReyniesArtDeco\/","logo":{"@type":"ImageObject","inLanguage":"fr-FR","@id":"https:\/\/expo-vr.fr\/ReyniesArtDeco\/#\/schema\/logo\/image\/","url":"https:\/\/expo-vr.fr\/ReyniesArtDeco\/wp-content\/uploads\/2021\/11\/Logo-V2-copie.svg","contentUrl":"https:\/\/expo-vr.fr\/ReyniesArtDeco\/wp-content\/uploads\/2021\/11\/Logo-V2-copie.svg","width":127,"height":56,"caption":"Ville de Reyni\u00e8s"},"image":{"@id":"https:\/\/expo-vr.fr\/ReyniesArtDeco\/#\/schema\/logo\/image\/"}}]}},"_links":{"self":[{"href":"https:\/\/expo-vr.fr\/ReyniesArtDeco\/wp-json\/wp\/v2\/pages\/757","targetHints":{"allow":["GET"]}}],"collection":[{"href":"https:\/\/expo-vr.fr\/ReyniesArtDeco\/wp-json\/wp\/v2\/pages"}],"about":[{"href":"https:\/\/expo-vr.fr\/ReyniesArtDeco\/wp-json\/wp\/v2\/types\/page"}],"author":[{"embeddable":true,"href":"https:\/\/expo-vr.fr\/ReyniesArtDeco\/wp-json\/wp\/v2\/users\/6"}],"replies":[{"embeddable":true,"href":"https:\/\/expo-vr.fr\/ReyniesArtDeco\/wp-json\/wp\/v2\/comments?post=757"}],"version-history":[{"count":0,"href":"https:\/\/expo-vr.fr\/ReyniesArtDeco\/wp-json\/wp\/v2\/pages\/757\/revisions"}],"wp:attachment":[{"href":"https:\/\/expo-vr.fr\/ReyniesArtDeco\/wp-json\/wp\/v2\/media?parent=757"}],"curies":[{"name":"wp","href":"https:\/\/api.w.org\/{rel}","templated":true}]}}