{"id":737,"date":"2021-05-12T11:58:11","date_gmt":"2021-05-12T09:58:11","guid":{"rendered":"https:\/\/aveculture.fr\/expo-vr\/REYNIES1930\/?page_id=737"},"modified":"2022-01-04T12:39:38","modified_gmt":"2022-01-04T11:39:38","slug":"architecture-4","status":"publish","type":"page","link":"https:\/\/expo-vr.fr\/ReyniesArtDeco\/architecture-4\/","title":{"rendered":"Architecture Art D\u00e9co 4"},"content":{"rendered":"<!-- Added by Post\/Page Specific Custom Code plugin, thank you for using! -->\n<style>.wrapper{display:flex;\r\nflex-direction: column;\r\nalign-items: center;}\r\n\r\n.texte{display : inline-block; max-width:674px}\r\n\r\n.entry-content p::before{display:none}\r\n\r\n.imageContainer>*+*{\r\nmargin-top: 1em;\r\n}<\/style>\n\n<script>\n    const page = jQuery(\"h1.entry-title\").text();\n    markAsViewed(page);\n<\/script>\n\n\n\n<p><\/p>\n\n\n\n<div class=\"wrapper\">\n<div class=\"texte\">\n<div class=\"translatable\">\n<p style=\"text-align: justify;\">\nSa fa\u00e7ade enti\u00e8rement en enduit blanc est rehauss\u00e9e par le soubassement en pierre, tandis que le haut des ouvertures arbore des linteaux et arcs de briques rouges. Une de ses fen\u00eatres comporte un balcon en b\u00e9ton dont ses parties centrales et lat\u00e9rales sont ouvrag\u00e9es en d\u00e9cor g\u00e9om\u00e9trique \u00e0 base de tuiles.\nL&rsquo;ensemble de la toiture du b\u00e2timent est support\u00e9 par des aisseliers en bois. De plus nous poss\u00e9dons encore des plans du b\u00e2timent datant de l&rsquo;\u00e9poque de la reconstruction.\n<\/p>\n<br>\n<\/div>\n<div class=\"imageContainer\">\n<figure>\n<img decoding=\"async\" class=\"aligncenter\" src=\"https:\/\/expo-vr.fr\/ReyniesArtDeco\/wp-content\/uploads\/2021\/12\/A4.1-scaled.jpg\" alt=\"\">\n<\/figure>\n<figure>\n<img decoding=\"async\" class=\"aligncenter\" src=\"https:\/\/expo-vr.fr\/ReyniesArtDeco\/wp-content\/uploads\/2021\/12\/A4.5-scaled.jpg\" alt=\"\">\n<\/figure>\n<figure>\n<img decoding=\"async\" class=\"aligncenter\" src=\"https:\/\/expo-vr.fr\/ReyniesArtDeco\/wp-content\/uploads\/2021\/12\/A4.4-scaled.jpg\" alt=\"\">\n<\/figure>\n<figure>\n<img decoding=\"async\" class=\"aligncenter\" src=\"https:\/\/expo-vr.fr\/ReyniesArtDeco\/wp-content\/uploads\/2021\/12\/A4.6-scaled.jpg\" alt=\"\">\n<\/figure>\n<\/div><\/div><\/div>\n","protected":false},"excerpt":{"rendered":"<p>Sa fa\u00e7ade enti\u00e8rement en enduit blanc est rehauss\u00e9e par le soubassement en pierre, tandis que le haut des ouvertures arbore des linteaux et arcs de briques rouges. Une de ses fen\u00eatres comporte un balcon en b\u00e9ton dont ses parties centrales et lat\u00e9rales sont ouvrag\u00e9es en d\u00e9cor g\u00e9om\u00e9trique \u00e0 base de tuiles. L&rsquo;ensemble de la toiture [&hellip;]<\/p>\n","protected":false},"author":6,"featured_media":0,"parent":0,"menu_order":0,"comment_status":"closed","ping_status":"closed","template":"","meta":{"site-sidebar-layout":"default","site-content-layout":"default","ast-site-content-layout":"default","site-content-style":"default","site-sidebar-style":"default","ast-global-header-display":"","ast-banner-title-visibility":"","ast-main-header-display":"","ast-hfb-above-header-display":"","ast-hfb-below-header-display":"","ast-hfb-mobile-header-display":"","site-post-title":"","ast-breadcrumbs-content":"","ast-featured-img":"","footer-sml-layout":"","ast-disable-related-posts":"","theme-transparent-header-meta":"default","adv-header-id-meta":"","stick-header-meta":"","header-above-stick-meta":"","header-main-stick-meta":"","header-below-stick-meta":"","astra-migrate-meta-layouts":"default","ast-page-background-enabled":"default","ast-page-background-meta":{"desktop":{"background-color":"","background-image":"","background-repeat":"repeat","background-position":"center center","background-size":"auto","background-attachment":"scroll","background-type":"","background-media":"","overlay-type":"","overlay-color":"","overlay-opacity":"","overlay-gradient":""},"tablet":{"background-color":"","background-image":"","background-repeat":"repeat","background-position":"center center","background-size":"auto","background-attachment":"scroll","background-type":"","background-media":"","overlay-type":"","overlay-color":"","overlay-opacity":"","overlay-gradient":""},"mobile":{"background-color":"","background-image":"","background-repeat":"repeat","background-position":"center center","background-size":"auto","background-attachment":"scroll","background-type":"","background-media":"","overlay-type":"","overlay-color":"","overlay-opacity":"","overlay-gradient":""}},"ast-content-background-meta":{"desktop":{"background-color":"var(--ast-global-color-5)","background-image":"","background-repeat":"repeat","background-position":"center center","background-size":"auto","background-attachment":"scroll","background-type":"","background-media":"","overlay-type":"","overlay-color":"","overlay-opacity":"","overlay-gradient":""},"tablet":{"background-color":"var(--ast-global-color-5)","background-image":"","background-repeat":"repeat","background-position":"center center","background-size":"auto","background-attachment":"scroll","background-type":"","background-media":"","overlay-type":"","overlay-color":"","overlay-opacity":"","overlay-gradient":""},"mobile":{"background-color":"var(--ast-global-color-5)","background-image":"","background-repeat":"repeat","background-position":"center center","background-size":"auto","background-attachment":"scroll","background-type":"","background-media":"","overlay-type":"","overlay-color":"","overlay-opacity":"","overlay-gradient":""}},"iawp_total_views":168,"footnotes":""},"class_list":["post-737","page","type-page","status-publish","hentry"],"yoast_head":"<!-- This site is optimized with the Yoast SEO plugin v27.5 - https:\/\/yoast.com\/product\/yoast-seo-wordpress\/ -->\n<title>Architecture Art D\u00e9co 4 - Reynies Art D\u00e9co, un village du XXe si\u00e8cle<\/title>\n<meta name=\"robots\" content=\"index, follow, max-snippet:-1, max-image-preview:large, max-video-preview:-1\" \/>\n<link rel=\"canonical\" href=\"https:\/\/expo-vr.fr\/ReyniesArtDeco\/architecture-4\/\" \/>\n<meta property=\"og:locale\" content=\"fr_FR\" \/>\n<meta property=\"og:type\" content=\"article\" \/>\n<meta property=\"og:title\" content=\"Architecture Art D\u00e9co 4 - Reynies Art D\u00e9co, un village du XXe si\u00e8cle\" \/>\n<meta property=\"og:description\" content=\"Sa fa\u00e7ade enti\u00e8rement en enduit blanc est rehauss\u00e9e par le soubassement en pierre, tandis que le haut des ouvertures arbore des linteaux et arcs de briques rouges. Une de ses fen\u00eatres comporte un balcon en b\u00e9ton dont ses parties centrales et lat\u00e9rales sont ouvrag\u00e9es en d\u00e9cor g\u00e9om\u00e9trique \u00e0 base de tuiles. L&rsquo;ensemble de la toiture [&hellip;]\" \/>\n<meta property=\"og:url\" content=\"https:\/\/expo-vr.fr\/ReyniesArtDeco\/architecture-4\/\" \/>\n<meta property=\"og:site_name\" content=\"Reynies Art D\u00e9co, un village du XXe si\u00e8cle\" \/>\n<meta property=\"article:modified_time\" content=\"2022-01-04T11:39:38+00:00\" \/>\n<meta property=\"og:image\" content=\"https:\/\/expo-vr.fr\/ReyniesArtDeco\/wp-content\/uploads\/2021\/12\/A4.1-scaled.jpg\" \/>\n<meta name=\"twitter:card\" content=\"summary_large_image\" \/>\n<script type=\"application\/ld+json\" class=\"yoast-schema-graph\">{\"@context\":\"https:\\\/\\\/schema.org\",\"@graph\":[{\"@type\":\"WebPage\",\"@id\":\"https:\\\/\\\/expo-vr.fr\\\/ReyniesArtDeco\\\/architecture-4\\\/\",\"url\":\"https:\\\/\\\/expo-vr.fr\\\/ReyniesArtDeco\\\/architecture-4\\\/\",\"name\":\"Architecture Art D\u00e9co 4 - Reynies Art D\u00e9co, un village du XXe si\u00e8cle\",\"isPartOf\":{\"@id\":\"https:\\\/\\\/expo-vr.fr\\\/ReyniesArtDeco\\\/#website\"},\"primaryImageOfPage\":{\"@id\":\"https:\\\/\\\/expo-vr.fr\\\/ReyniesArtDeco\\\/architecture-4\\\/#primaryimage\"},\"image\":{\"@id\":\"https:\\\/\\\/expo-vr.fr\\\/ReyniesArtDeco\\\/architecture-4\\\/#primaryimage\"},\"thumbnailUrl\":\"https:\\\/\\\/expo-vr.fr\\\/ReyniesArtDeco\\\/wp-content\\\/uploads\\\/2021\\\/12\\\/A4.1-scaled.jpg\",\"datePublished\":\"2021-05-12T09:58:11+00:00\",\"dateModified\":\"2022-01-04T11:39:38+00:00\",\"breadcrumb\":{\"@id\":\"https:\\\/\\\/expo-vr.fr\\\/ReyniesArtDeco\\\/architecture-4\\\/#breadcrumb\"},\"inLanguage\":\"fr-FR\",\"potentialAction\":[{\"@type\":\"ReadAction\",\"target\":[\"https:\\\/\\\/expo-vr.fr\\\/ReyniesArtDeco\\\/architecture-4\\\/\"]}]},{\"@type\":\"ImageObject\",\"inLanguage\":\"fr-FR\",\"@id\":\"https:\\\/\\\/expo-vr.fr\\\/ReyniesArtDeco\\\/architecture-4\\\/#primaryimage\",\"url\":\"https:\\\/\\\/expo-vr.fr\\\/ReyniesArtDeco\\\/wp-content\\\/uploads\\\/2021\\\/12\\\/A4.1-scaled.jpg\",\"contentUrl\":\"https:\\\/\\\/expo-vr.fr\\\/ReyniesArtDeco\\\/wp-content\\\/uploads\\\/2021\\\/12\\\/A4.1-scaled.jpg\",\"width\":2560,\"height\":1714},{\"@type\":\"BreadcrumbList\",\"@id\":\"https:\\\/\\\/expo-vr.fr\\\/ReyniesArtDeco\\\/architecture-4\\\/#breadcrumb\",\"itemListElement\":[{\"@type\":\"ListItem\",\"position\":1,\"name\":\"Accueil\",\"item\":\"https:\\\/\\\/expo-vr.fr\\\/ReyniesArtDeco\\\/\"},{\"@type\":\"ListItem\",\"position\":2,\"name\":\"Architecture Art D\u00e9co 4\"}]},{\"@type\":\"WebSite\",\"@id\":\"https:\\\/\\\/expo-vr.fr\\\/ReyniesArtDeco\\\/#website\",\"url\":\"https:\\\/\\\/expo-vr.fr\\\/ReyniesArtDeco\\\/\",\"name\":\"Reynies Art D\u00e9co, un village du XXe si\u00e8cle\",\"description\":\"\",\"publisher\":{\"@id\":\"https:\\\/\\\/expo-vr.fr\\\/ReyniesArtDeco\\\/#organization\"},\"potentialAction\":[{\"@type\":\"SearchAction\",\"target\":{\"@type\":\"EntryPoint\",\"urlTemplate\":\"https:\\\/\\\/expo-vr.fr\\\/ReyniesArtDeco\\\/?s={search_term_string}\"},\"query-input\":{\"@type\":\"PropertyValueSpecification\",\"valueRequired\":true,\"valueName\":\"search_term_string\"}}],\"inLanguage\":\"fr-FR\"},{\"@type\":\"Organization\",\"@id\":\"https:\\\/\\\/expo-vr.fr\\\/ReyniesArtDeco\\\/#organization\",\"name\":\"Ville de Reyni\u00e8s\",\"url\":\"https:\\\/\\\/expo-vr.fr\\\/ReyniesArtDeco\\\/\",\"logo\":{\"@type\":\"ImageObject\",\"inLanguage\":\"fr-FR\",\"@id\":\"https:\\\/\\\/expo-vr.fr\\\/ReyniesArtDeco\\\/#\\\/schema\\\/logo\\\/image\\\/\",\"url\":\"https:\\\/\\\/expo-vr.fr\\\/ReyniesArtDeco\\\/wp-content\\\/uploads\\\/2021\\\/11\\\/Logo-V2-copie.svg\",\"contentUrl\":\"https:\\\/\\\/expo-vr.fr\\\/ReyniesArtDeco\\\/wp-content\\\/uploads\\\/2021\\\/11\\\/Logo-V2-copie.svg\",\"width\":127,\"height\":56,\"caption\":\"Ville de Reyni\u00e8s\"},\"image\":{\"@id\":\"https:\\\/\\\/expo-vr.fr\\\/ReyniesArtDeco\\\/#\\\/schema\\\/logo\\\/image\\\/\"}}]}<\/script>\n<!-- \/ Yoast SEO plugin. -->","yoast_head_json":{"title":"Architecture Art D\u00e9co 4 - Reynies Art D\u00e9co, un village du XXe si\u00e8cle","robots":{"index":"index","follow":"follow","max-snippet":"max-snippet:-1","max-image-preview":"max-image-preview:large","max-video-preview":"max-video-preview:-1"},"canonical":"https:\/\/expo-vr.fr\/ReyniesArtDeco\/architecture-4\/","og_locale":"fr_FR","og_type":"article","og_title":"Architecture Art D\u00e9co 4 - Reynies Art D\u00e9co, un village du XXe si\u00e8cle","og_description":"Sa fa\u00e7ade enti\u00e8rement en enduit blanc est rehauss\u00e9e par le soubassement en pierre, tandis que le haut des ouvertures arbore des linteaux et arcs de briques rouges. Une de ses fen\u00eatres comporte un balcon en b\u00e9ton dont ses parties centrales et lat\u00e9rales sont ouvrag\u00e9es en d\u00e9cor g\u00e9om\u00e9trique \u00e0 base de tuiles. L&rsquo;ensemble de la toiture [&hellip;]","og_url":"https:\/\/expo-vr.fr\/ReyniesArtDeco\/architecture-4\/","og_site_name":"Reynies Art D\u00e9co, un village du XXe si\u00e8cle","article_modified_time":"2022-01-04T11:39:38+00:00","og_image":[{"url":"https:\/\/expo-vr.fr\/ReyniesArtDeco\/wp-content\/uploads\/2021\/12\/A4.1-scaled.jpg","type":"","width":"","height":""}],"twitter_card":"summary_large_image","schema":{"@context":"https:\/\/schema.org","@graph":[{"@type":"WebPage","@id":"https:\/\/expo-vr.fr\/ReyniesArtDeco\/architecture-4\/","url":"https:\/\/expo-vr.fr\/ReyniesArtDeco\/architecture-4\/","name":"Architecture Art D\u00e9co 4 - Reynies Art D\u00e9co, un village du XXe si\u00e8cle","isPartOf":{"@id":"https:\/\/expo-vr.fr\/ReyniesArtDeco\/#website"},"primaryImageOfPage":{"@id":"https:\/\/expo-vr.fr\/ReyniesArtDeco\/architecture-4\/#primaryimage"},"image":{"@id":"https:\/\/expo-vr.fr\/ReyniesArtDeco\/architecture-4\/#primaryimage"},"thumbnailUrl":"https:\/\/expo-vr.fr\/ReyniesArtDeco\/wp-content\/uploads\/2021\/12\/A4.1-scaled.jpg","datePublished":"2021-05-12T09:58:11+00:00","dateModified":"2022-01-04T11:39:38+00:00","breadcrumb":{"@id":"https:\/\/expo-vr.fr\/ReyniesArtDeco\/architecture-4\/#breadcrumb"},"inLanguage":"fr-FR","potentialAction":[{"@type":"ReadAction","target":["https:\/\/expo-vr.fr\/ReyniesArtDeco\/architecture-4\/"]}]},{"@type":"ImageObject","inLanguage":"fr-FR","@id":"https:\/\/expo-vr.fr\/ReyniesArtDeco\/architecture-4\/#primaryimage","url":"https:\/\/expo-vr.fr\/ReyniesArtDeco\/wp-content\/uploads\/2021\/12\/A4.1-scaled.jpg","contentUrl":"https:\/\/expo-vr.fr\/ReyniesArtDeco\/wp-content\/uploads\/2021\/12\/A4.1-scaled.jpg","width":2560,"height":1714},{"@type":"BreadcrumbList","@id":"https:\/\/expo-vr.fr\/ReyniesArtDeco\/architecture-4\/#breadcrumb","itemListElement":[{"@type":"ListItem","position":1,"name":"Accueil","item":"https:\/\/expo-vr.fr\/ReyniesArtDeco\/"},{"@type":"ListItem","position":2,"name":"Architecture Art D\u00e9co 4"}]},{"@type":"WebSite","@id":"https:\/\/expo-vr.fr\/ReyniesArtDeco\/#website","url":"https:\/\/expo-vr.fr\/ReyniesArtDeco\/","name":"Reynies Art D\u00e9co, un village du XXe si\u00e8cle","description":"","publisher":{"@id":"https:\/\/expo-vr.fr\/ReyniesArtDeco\/#organization"},"potentialAction":[{"@type":"SearchAction","target":{"@type":"EntryPoint","urlTemplate":"https:\/\/expo-vr.fr\/ReyniesArtDeco\/?s={search_term_string}"},"query-input":{"@type":"PropertyValueSpecification","valueRequired":true,"valueName":"search_term_string"}}],"inLanguage":"fr-FR"},{"@type":"Organization","@id":"https:\/\/expo-vr.fr\/ReyniesArtDeco\/#organization","name":"Ville de Reyni\u00e8s","url":"https:\/\/expo-vr.fr\/ReyniesArtDeco\/","logo":{"@type":"ImageObject","inLanguage":"fr-FR","@id":"https:\/\/expo-vr.fr\/ReyniesArtDeco\/#\/schema\/logo\/image\/","url":"https:\/\/expo-vr.fr\/ReyniesArtDeco\/wp-content\/uploads\/2021\/11\/Logo-V2-copie.svg","contentUrl":"https:\/\/expo-vr.fr\/ReyniesArtDeco\/wp-content\/uploads\/2021\/11\/Logo-V2-copie.svg","width":127,"height":56,"caption":"Ville de Reyni\u00e8s"},"image":{"@id":"https:\/\/expo-vr.fr\/ReyniesArtDeco\/#\/schema\/logo\/image\/"}}]}},"_links":{"self":[{"href":"https:\/\/expo-vr.fr\/ReyniesArtDeco\/wp-json\/wp\/v2\/pages\/737","targetHints":{"allow":["GET"]}}],"collection":[{"href":"https:\/\/expo-vr.fr\/ReyniesArtDeco\/wp-json\/wp\/v2\/pages"}],"about":[{"href":"https:\/\/expo-vr.fr\/ReyniesArtDeco\/wp-json\/wp\/v2\/types\/page"}],"author":[{"embeddable":true,"href":"https:\/\/expo-vr.fr\/ReyniesArtDeco\/wp-json\/wp\/v2\/users\/6"}],"replies":[{"embeddable":true,"href":"https:\/\/expo-vr.fr\/ReyniesArtDeco\/wp-json\/wp\/v2\/comments?post=737"}],"version-history":[{"count":0,"href":"https:\/\/expo-vr.fr\/ReyniesArtDeco\/wp-json\/wp\/v2\/pages\/737\/revisions"}],"wp:attachment":[{"href":"https:\/\/expo-vr.fr\/ReyniesArtDeco\/wp-json\/wp\/v2\/media?parent=737"}],"curies":[{"name":"wp","href":"https:\/\/api.w.org\/{rel}","templated":true}]}}