{"id":518,"date":"2021-04-14T09:57:13","date_gmt":"2021-04-14T07:57:13","guid":{"rendered":"https:\/\/aveculture.fr\/expo-vr\/REYNIES1930\/?page_id=518"},"modified":"2022-03-28T20:35:53","modified_gmt":"2022-03-28T18:35:53","slug":"narratif-4","status":"publish","type":"page","link":"https:\/\/expo-vr.fr\/ReyniesArtDeco\/narratif-4\/","title":{"rendered":"4 &#8211; La Renaissance du village"},"content":{"rendered":"<!-- Added by Post\/Page Specific Custom Code plugin, thank you for using! -->\n<style>.test{display:flex;\r\nflex-direction: column;\r\nalign-items: center;}\r\n\r\n.texte{display : inline-block; max-width:674px}\r\n\r\n.entry-content p::before{display:none}\r\n\r\narticle.page{background:blue}\r\n\r\n.imageContainer>*+*{\r\nmargin-top: 1em;\r\n}<\/style>\n\n<div id=\"audio-player-container\">   \n    <img decoding=\"async\" src=\"https:\/\/expo-vr.fr\/ReyniesArtDeco\/wp-content\/uploads\/2022\/03\/radio.jpg\" alt=\"image-radio\">\n    <button id=\"play-icon\"><\/button>\n    <div id=\"radioOverlay\"><\/div>\n    <div id=\"radioControllerContainer\">\n        <div>\n            <audio src=\"https:\/\/expo-vr.fr\/ReyniesArtDeco\/wp-content\/uploads\/2022\/03\/4-\u2013-La-Renaissance-du-village.mp3\" preload=\"metadata\" loop=\"\"><\/audio>\n            <span id=\"current-time\" class=\"time\">0:00<\/span>\n            <input type=\"range\" id=\"seek-slider\" max=\"100\" value=\"0\">\n            <span id=\"duration\" class=\"time\">0:00<\/span>\n            <div id=\"volumeController\">\n                <input type=\"range\" id=\"volume-slider\" max=\"100\" value=\"100\">\n                <button id=\"mute-icon\"><\/button>\n            <\/div>\n        <\/div>\n    <\/div>\n  <\/div>\n\n\n\n<div class=\"wrapper\">\n<div class=\"texte\">\n<div class=\"translatable\">\n<p style=\"text-align: justify;\">\n\n\nLes inondations du Midi ont \u00e9t\u00e9 d\u2019une telle ampleur que les autorit\u00e9s nationales se mettent promptement en route pour voir l\u2019\u00e9tendue des d\u00e9g\u00e2ts. C\u2019est ainsi que d\u00e8s le 8 mars 1930 les repr\u00e9sentants de l\u2019Etat arrivent dans Reyni\u00e8s d\u00e9vast\u00e9. Les premiers \u00e0 contempler l\u2019ampleur des d\u00e9g\u00e2ts sont messieurs Georges Pernot, ministre des travaux publics, et Marcel H\u00e9raud, sous-secr\u00e9taire d&rsquo;Etat \u00e0 la pr\u00e9sidence du Conseil. Impressionn\u00e9, cette vue inspira d&rsquo;ailleurs au Ministre ces paroles : \u00ab C&rsquo;est formidable, j&rsquo;ai vu le front. Eh bien ! L&rsquo;eau a ici fait en trente heures un travail que la guerre, pourtant si terrible, mettrait six mois \u00e0 effectuer.\u00bb. Quelques heures plus tard, c&rsquo;est monsieur Gaston Doumergue et monsieur Andr\u00e9 Tardieu, respectivement Pr\u00e9sident de la R\u00e9publique et Pr\u00e9sident du Conseil, qui arrivent \u00e0 leur tour \u00e0 Reyni\u00e8s. Ces derniers, \u00e9mus par une telle catastrophe, f\u00e9licitent les courageux sauveteurs. Cette visite, comme celles dans d&rsquo;autres villages touch\u00e9s par les crues au m\u00eame moment, contribuent \u00e0 la lev\u00e9e d&rsquo;une aide nationale, promettant des travaux d&rsquo;hygi\u00e8ne mais aussi une enveloppe de 100 millions de francs adress\u00e9e \u00e0 l&rsquo;ensemble des sinistr\u00e9s du Midi.\n<\/p>\n<p style=\"text-align: justify;\">\nLocalement, les communes s&rsquo;organisent. Afin de prot\u00e9ger les habitants des convois sont lanc\u00e9s dans le but de transporter les villageois sinistr\u00e9s, qui b\u00e9n\u00e9ficient alors de l&rsquo;hospitalit\u00e9 des villages voisins d&rsquo;Orgueil, Labastide-Saint-Pierre ou encore Villebrumier.\nMoteur de l\u2019effort de reconstruction, une puissante dynamique d\u2019entraide se met \u00e9galement en place, mobilisant de nombreux acteurs. Gr\u00e2ce aux relations du G\u00e9n\u00e9ral de Seguin de Reyni\u00e8s, en garnison \u00e0 Besan\u00e7on, du Doubs et de la Haute-Marne proviennent alors des v\u00eatements, outils, cuisini\u00e8res, po\u00eales, meubles, charrettes et cheptel, tandis que des programmes d\u2019aide sont mont\u00e9s par des \u00e9coles, des g\u00e9rants d\u2019usines tel Albert Br\u00e9mant, Reyni\u00e9sien g\u00e9rant du Moulin de Saliens, ou encore par le journal \u201cL\u2019Ami du Peuple\u201d, bas\u00e9 \u00e0 Paris, voient le jour. \nL\u2019\u00e9cho de la catastrophe traversera m\u00eame les fronti\u00e8res, certains pays apportent leur soutien aux sinistr\u00e9s fran\u00e7ais \u00e0 l\u2019instar du roi Georges V du Royaume-Uni qui a envoy\u00e9 un t\u00e9l\u00e9gramme au pr\u00e9sident de la r\u00e9publique. Il lui dit ceci : \u00ab J&rsquo;ai appris avec le plus profond regret les inondations d\u00e9sastreuses qui ont d\u00e9sol\u00e9 de si vastes r\u00e9gions dans le sud et le Sud-Ouest de la France et je m&#8217;empresse de vous exprimer, Monsieur le Pr\u00e9sident, ma profonde sympathie pour les victimes et particuli\u00e8rement pour ceux qui sont en deuil par suite de la perte d\u00e9plorable des vies caus\u00e9es par ce d\u00e9sastre.\u00bb.\n<\/p>\n<p style=\"text-align: justify;\">\nMais des aides plus concr\u00e8tes viennent \u00e9galement de l\u2019\u00e9tranger, une des plus notables \u00e9tant s\u00fbrement l\u2019arriv\u00e9e de travailleurs Yougoslaves venant aider \u00e0 la reconstruction du village. L\u00e0, travailleurs locaux aussi bien qu\u2019internationaux s\u2019allient. Une voie ferr\u00e9e destin\u00e9e \u00e0 l\u2019\u00e9vacuation des d\u00e9combres na\u00eet :  elle traverse le village de part en part et la reconstruction progresse \u00e0 bon train. On peut alors rapidement construire des murs de sout\u00e8nement pr\u00e8s du pont ; redessiner le village avec des rues bien droites, des trottoirs ; s&rsquo;occuper de l&rsquo;adduction d&rsquo;eau potable et m\u00eame des \u00e9gouts ; installer l&rsquo;\u00e9lectricit\u00e9, etc\u2026\n<\/p>\n<p style=\"text-align: justify;\">\nMarquant sa volont\u00e9 de s&rsquo;enraciner sur les berges du Tarn, la commune va \u00eatre reconstruite sur son emplacement historique du XVIIIe si\u00e8cle. Au terme de seulement trois ans de reconstruction, Reyni\u00e8s livre en 1933 son nouveau visage. De solides maisons faites de b\u00e9ton et de pierre affichent leurs fa\u00e7ades Art D\u00e9co : un style r\u00e9solument tourn\u00e9 vers la modernit\u00e9, privil\u00e9giant lignes droites et formes g\u00e9om\u00e9triques, mais n\u00e9anmoins empreint de toute la fantaisie caract\u00e9ristique de l&rsquo;art des \u00ab\u00a0ann\u00e9es folles\u00a0\u00bb. Dans ce village aux vertus du ph\u00e9nix, on peut voir des entrelacements de toitures et des v\u00e9randas, des frontons et des bow windows, de d\u00e9licates frises et g\u00e9noises ou bien encore des pans coup\u00e9s qui brise la monotonie. L\u2019heure est \u00e0 la couleur, et les b\u00e2tisses se couvrent de rouge, de bleu, de gris fonc\u00e9 ou encore de jaune flamboyant.\nReyni\u00e8s rena\u00eet de ses cendres.\n\n<\/p>\n<\/div>\n<div class=\"imageContainer\">\n<figure>\n<img decoding=\"async\" class=\"aligncenter\" src=\"https:\/\/expo-vr.fr\/ReyniesArtDeco\/wp-content\/uploads\/2022\/01\/Inondation-du-Sud-Ouest-President-Gaston-Doumergue-Sapeurs.jpg\" alt=\"\">\n<\/figure>\n<figure>\n<img decoding=\"async\" class=\"aligncenter\" src=\"https:\/\/expo-vr.fr\/ReyniesArtDeco\/wp-content\/uploads\/2022\/01\/emigres-italiens-participant-a-la-renaissance-de-villemur-sur-tarn.jpg\" alt=\"\">\n<\/figure>\n\n<\/div><\/div><\/div>\n\n\n\n<script>\n    const page = jQuery(\"h1.entry-title\").text();\n    markAsViewed(page);\n<\/script>\n\n\n\n<p><\/p>\n\n\n\n<script>\n    initiateAudioPlayer();\n<\/script>\n","protected":false},"excerpt":{"rendered":"<p>0:00 0:00 Les inondations du Midi ont \u00e9t\u00e9 d\u2019une telle ampleur que les autorit\u00e9s nationales se mettent promptement en route pour voir l\u2019\u00e9tendue des d\u00e9g\u00e2ts. C\u2019est ainsi que d\u00e8s le 8 mars 1930 les repr\u00e9sentants de l\u2019Etat arrivent dans Reyni\u00e8s d\u00e9vast\u00e9. Les premiers \u00e0 contempler l\u2019ampleur des d\u00e9g\u00e2ts sont messieurs Georges Pernot, ministre des travaux [&hellip;]<\/p>\n","protected":false},"author":6,"featured_media":0,"parent":0,"menu_order":0,"comment_status":"closed","ping_status":"closed","template":"","meta":{"site-sidebar-layout":"default","site-content-layout":"default","ast-site-content-layout":"default","site-content-style":"default","site-sidebar-style":"default","ast-global-header-display":"","ast-banner-title-visibility":"","ast-main-header-display":"","ast-hfb-above-header-display":"","ast-hfb-below-header-display":"","ast-hfb-mobile-header-display":"","site-post-title":"","ast-breadcrumbs-content":"","ast-featured-img":"","footer-sml-layout":"","ast-disable-related-posts":"","theme-transparent-header-meta":"default","adv-header-id-meta":"","stick-header-meta":"","header-above-stick-meta":"","header-main-stick-meta":"","header-below-stick-meta":"","astra-migrate-meta-layouts":"default","ast-page-background-enabled":"default","ast-page-background-meta":{"desktop":{"background-color":"","background-image":"","background-repeat":"repeat","background-position":"center center","background-size":"auto","background-attachment":"scroll","background-type":"","background-media":"","overlay-type":"","overlay-color":"","overlay-opacity":"","overlay-gradient":""},"tablet":{"background-color":"","background-image":"","background-repeat":"repeat","background-position":"center center","background-size":"auto","background-attachment":"scroll","background-type":"","background-media":"","overlay-type":"","overlay-color":"","overlay-opacity":"","overlay-gradient":""},"mobile":{"background-color":"","background-image":"","background-repeat":"repeat","background-position":"center center","background-size":"auto","background-attachment":"scroll","background-type":"","background-media":"","overlay-type":"","overlay-color":"","overlay-opacity":"","overlay-gradient":""}},"ast-content-background-meta":{"desktop":{"background-color":"var(--ast-global-color-5)","background-image":"","background-repeat":"repeat","background-position":"center center","background-size":"auto","background-attachment":"scroll","background-type":"","background-media":"","overlay-type":"","overlay-color":"","overlay-opacity":"","overlay-gradient":""},"tablet":{"background-color":"var(--ast-global-color-5)","background-image":"","background-repeat":"repeat","background-position":"center center","background-size":"auto","background-attachment":"scroll","background-type":"","background-media":"","overlay-type":"","overlay-color":"","overlay-opacity":"","overlay-gradient":""},"mobile":{"background-color":"var(--ast-global-color-5)","background-image":"","background-repeat":"repeat","background-position":"center center","background-size":"auto","background-attachment":"scroll","background-type":"","background-media":"","overlay-type":"","overlay-color":"","overlay-opacity":"","overlay-gradient":""}},"iawp_total_views":122,"footnotes":""},"class_list":["post-518","page","type-page","status-publish","hentry"],"yoast_head":"<!-- This site is optimized with the Yoast SEO plugin v27.5 - https:\/\/yoast.com\/product\/yoast-seo-wordpress\/ -->\n<title>4 - La Renaissance du village - Reynies Art D\u00e9co, un village du XXe si\u00e8cle<\/title>\n<meta name=\"robots\" content=\"index, follow, max-snippet:-1, max-image-preview:large, max-video-preview:-1\" \/>\n<link rel=\"canonical\" href=\"https:\/\/expo-vr.fr\/ReyniesArtDeco\/narratif-4\/\" \/>\n<meta property=\"og:locale\" content=\"fr_FR\" \/>\n<meta property=\"og:type\" content=\"article\" \/>\n<meta property=\"og:title\" content=\"4 - La Renaissance du village - Reynies Art D\u00e9co, un village du XXe si\u00e8cle\" \/>\n<meta property=\"og:description\" content=\"0:00 0:00 Les inondations du Midi ont \u00e9t\u00e9 d\u2019une telle ampleur que les autorit\u00e9s nationales se mettent promptement en route pour voir l\u2019\u00e9tendue des d\u00e9g\u00e2ts. C\u2019est ainsi que d\u00e8s le 8 mars 1930 les repr\u00e9sentants de l\u2019Etat arrivent dans Reyni\u00e8s d\u00e9vast\u00e9. Les premiers \u00e0 contempler l\u2019ampleur des d\u00e9g\u00e2ts sont messieurs Georges Pernot, ministre des travaux [&hellip;]\" \/>\n<meta property=\"og:url\" content=\"https:\/\/expo-vr.fr\/ReyniesArtDeco\/narratif-4\/\" \/>\n<meta property=\"og:site_name\" content=\"Reynies Art D\u00e9co, un village du XXe si\u00e8cle\" \/>\n<meta property=\"article:modified_time\" content=\"2022-03-28T18:35:53+00:00\" \/>\n<meta property=\"og:image\" content=\"https:\/\/expo-vr.fr\/ReyniesArtDeco\/wp-content\/uploads\/2022\/03\/radio.jpg\" \/>\n<meta name=\"twitter:card\" content=\"summary_large_image\" \/>\n<meta name=\"twitter:label1\" content=\"Dur\u00e9e de lecture estim\u00e9e\" \/>\n\t<meta name=\"twitter:data1\" content=\"4 minutes\" \/>\n<script type=\"application\/ld+json\" class=\"yoast-schema-graph\">{\"@context\":\"https:\\\/\\\/schema.org\",\"@graph\":[{\"@type\":\"WebPage\",\"@id\":\"https:\\\/\\\/expo-vr.fr\\\/ReyniesArtDeco\\\/narratif-4\\\/\",\"url\":\"https:\\\/\\\/expo-vr.fr\\\/ReyniesArtDeco\\\/narratif-4\\\/\",\"name\":\"4 - La Renaissance du village - Reynies Art D\u00e9co, un village du XXe si\u00e8cle\",\"isPartOf\":{\"@id\":\"https:\\\/\\\/expo-vr.fr\\\/ReyniesArtDeco\\\/#website\"},\"primaryImageOfPage\":{\"@id\":\"https:\\\/\\\/expo-vr.fr\\\/ReyniesArtDeco\\\/narratif-4\\\/#primaryimage\"},\"image\":{\"@id\":\"https:\\\/\\\/expo-vr.fr\\\/ReyniesArtDeco\\\/narratif-4\\\/#primaryimage\"},\"thumbnailUrl\":\"https:\\\/\\\/expo-vr.fr\\\/ReyniesArtDeco\\\/wp-content\\\/uploads\\\/2022\\\/03\\\/radio.jpg\",\"datePublished\":\"2021-04-14T07:57:13+00:00\",\"dateModified\":\"2022-03-28T18:35:53+00:00\",\"breadcrumb\":{\"@id\":\"https:\\\/\\\/expo-vr.fr\\\/ReyniesArtDeco\\\/narratif-4\\\/#breadcrumb\"},\"inLanguage\":\"fr-FR\",\"potentialAction\":[{\"@type\":\"ReadAction\",\"target\":[\"https:\\\/\\\/expo-vr.fr\\\/ReyniesArtDeco\\\/narratif-4\\\/\"]}]},{\"@type\":\"ImageObject\",\"inLanguage\":\"fr-FR\",\"@id\":\"https:\\\/\\\/expo-vr.fr\\\/ReyniesArtDeco\\\/narratif-4\\\/#primaryimage\",\"url\":\"https:\\\/\\\/expo-vr.fr\\\/ReyniesArtDeco\\\/wp-content\\\/uploads\\\/2022\\\/03\\\/radio.jpg\",\"contentUrl\":\"https:\\\/\\\/expo-vr.fr\\\/ReyniesArtDeco\\\/wp-content\\\/uploads\\\/2022\\\/03\\\/radio.jpg\",\"width\":421,\"height\":280},{\"@type\":\"BreadcrumbList\",\"@id\":\"https:\\\/\\\/expo-vr.fr\\\/ReyniesArtDeco\\\/narratif-4\\\/#breadcrumb\",\"itemListElement\":[{\"@type\":\"ListItem\",\"position\":1,\"name\":\"Accueil\",\"item\":\"https:\\\/\\\/expo-vr.fr\\\/ReyniesArtDeco\\\/\"},{\"@type\":\"ListItem\",\"position\":2,\"name\":\"4 &#8211; La Renaissance du village\"}]},{\"@type\":\"WebSite\",\"@id\":\"https:\\\/\\\/expo-vr.fr\\\/ReyniesArtDeco\\\/#website\",\"url\":\"https:\\\/\\\/expo-vr.fr\\\/ReyniesArtDeco\\\/\",\"name\":\"Reynies Art D\u00e9co, un village du XXe si\u00e8cle\",\"description\":\"\",\"publisher\":{\"@id\":\"https:\\\/\\\/expo-vr.fr\\\/ReyniesArtDeco\\\/#organization\"},\"potentialAction\":[{\"@type\":\"SearchAction\",\"target\":{\"@type\":\"EntryPoint\",\"urlTemplate\":\"https:\\\/\\\/expo-vr.fr\\\/ReyniesArtDeco\\\/?s={search_term_string}\"},\"query-input\":{\"@type\":\"PropertyValueSpecification\",\"valueRequired\":true,\"valueName\":\"search_term_string\"}}],\"inLanguage\":\"fr-FR\"},{\"@type\":\"Organization\",\"@id\":\"https:\\\/\\\/expo-vr.fr\\\/ReyniesArtDeco\\\/#organization\",\"name\":\"Ville de Reyni\u00e8s\",\"url\":\"https:\\\/\\\/expo-vr.fr\\\/ReyniesArtDeco\\\/\",\"logo\":{\"@type\":\"ImageObject\",\"inLanguage\":\"fr-FR\",\"@id\":\"https:\\\/\\\/expo-vr.fr\\\/ReyniesArtDeco\\\/#\\\/schema\\\/logo\\\/image\\\/\",\"url\":\"https:\\\/\\\/expo-vr.fr\\\/ReyniesArtDeco\\\/wp-content\\\/uploads\\\/2021\\\/11\\\/Logo-V2-copie.svg\",\"contentUrl\":\"https:\\\/\\\/expo-vr.fr\\\/ReyniesArtDeco\\\/wp-content\\\/uploads\\\/2021\\\/11\\\/Logo-V2-copie.svg\",\"width\":127,\"height\":56,\"caption\":\"Ville de Reyni\u00e8s\"},\"image\":{\"@id\":\"https:\\\/\\\/expo-vr.fr\\\/ReyniesArtDeco\\\/#\\\/schema\\\/logo\\\/image\\\/\"}}]}<\/script>\n<!-- \/ Yoast SEO plugin. -->","yoast_head_json":{"title":"4 - La Renaissance du village - Reynies Art D\u00e9co, un village du XXe si\u00e8cle","robots":{"index":"index","follow":"follow","max-snippet":"max-snippet:-1","max-image-preview":"max-image-preview:large","max-video-preview":"max-video-preview:-1"},"canonical":"https:\/\/expo-vr.fr\/ReyniesArtDeco\/narratif-4\/","og_locale":"fr_FR","og_type":"article","og_title":"4 - La Renaissance du village - Reynies Art D\u00e9co, un village du XXe si\u00e8cle","og_description":"0:00 0:00 Les inondations du Midi ont \u00e9t\u00e9 d\u2019une telle ampleur que les autorit\u00e9s nationales se mettent promptement en route pour voir l\u2019\u00e9tendue des d\u00e9g\u00e2ts. C\u2019est ainsi que d\u00e8s le 8 mars 1930 les repr\u00e9sentants de l\u2019Etat arrivent dans Reyni\u00e8s d\u00e9vast\u00e9. Les premiers \u00e0 contempler l\u2019ampleur des d\u00e9g\u00e2ts sont messieurs Georges Pernot, ministre des travaux [&hellip;]","og_url":"https:\/\/expo-vr.fr\/ReyniesArtDeco\/narratif-4\/","og_site_name":"Reynies Art D\u00e9co, un village du XXe si\u00e8cle","article_modified_time":"2022-03-28T18:35:53+00:00","og_image":[{"url":"https:\/\/expo-vr.fr\/ReyniesArtDeco\/wp-content\/uploads\/2022\/03\/radio.jpg","type":"","width":"","height":""}],"twitter_card":"summary_large_image","twitter_misc":{"Dur\u00e9e de lecture estim\u00e9e":"4 minutes"},"schema":{"@context":"https:\/\/schema.org","@graph":[{"@type":"WebPage","@id":"https:\/\/expo-vr.fr\/ReyniesArtDeco\/narratif-4\/","url":"https:\/\/expo-vr.fr\/ReyniesArtDeco\/narratif-4\/","name":"4 - La Renaissance du village - Reynies Art D\u00e9co, un village du XXe si\u00e8cle","isPartOf":{"@id":"https:\/\/expo-vr.fr\/ReyniesArtDeco\/#website"},"primaryImageOfPage":{"@id":"https:\/\/expo-vr.fr\/ReyniesArtDeco\/narratif-4\/#primaryimage"},"image":{"@id":"https:\/\/expo-vr.fr\/ReyniesArtDeco\/narratif-4\/#primaryimage"},"thumbnailUrl":"https:\/\/expo-vr.fr\/ReyniesArtDeco\/wp-content\/uploads\/2022\/03\/radio.jpg","datePublished":"2021-04-14T07:57:13+00:00","dateModified":"2022-03-28T18:35:53+00:00","breadcrumb":{"@id":"https:\/\/expo-vr.fr\/ReyniesArtDeco\/narratif-4\/#breadcrumb"},"inLanguage":"fr-FR","potentialAction":[{"@type":"ReadAction","target":["https:\/\/expo-vr.fr\/ReyniesArtDeco\/narratif-4\/"]}]},{"@type":"ImageObject","inLanguage":"fr-FR","@id":"https:\/\/expo-vr.fr\/ReyniesArtDeco\/narratif-4\/#primaryimage","url":"https:\/\/expo-vr.fr\/ReyniesArtDeco\/wp-content\/uploads\/2022\/03\/radio.jpg","contentUrl":"https:\/\/expo-vr.fr\/ReyniesArtDeco\/wp-content\/uploads\/2022\/03\/radio.jpg","width":421,"height":280},{"@type":"BreadcrumbList","@id":"https:\/\/expo-vr.fr\/ReyniesArtDeco\/narratif-4\/#breadcrumb","itemListElement":[{"@type":"ListItem","position":1,"name":"Accueil","item":"https:\/\/expo-vr.fr\/ReyniesArtDeco\/"},{"@type":"ListItem","position":2,"name":"4 &#8211; La Renaissance du village"}]},{"@type":"WebSite","@id":"https:\/\/expo-vr.fr\/ReyniesArtDeco\/#website","url":"https:\/\/expo-vr.fr\/ReyniesArtDeco\/","name":"Reynies Art D\u00e9co, un village du XXe si\u00e8cle","description":"","publisher":{"@id":"https:\/\/expo-vr.fr\/ReyniesArtDeco\/#organization"},"potentialAction":[{"@type":"SearchAction","target":{"@type":"EntryPoint","urlTemplate":"https:\/\/expo-vr.fr\/ReyniesArtDeco\/?s={search_term_string}"},"query-input":{"@type":"PropertyValueSpecification","valueRequired":true,"valueName":"search_term_string"}}],"inLanguage":"fr-FR"},{"@type":"Organization","@id":"https:\/\/expo-vr.fr\/ReyniesArtDeco\/#organization","name":"Ville de Reyni\u00e8s","url":"https:\/\/expo-vr.fr\/ReyniesArtDeco\/","logo":{"@type":"ImageObject","inLanguage":"fr-FR","@id":"https:\/\/expo-vr.fr\/ReyniesArtDeco\/#\/schema\/logo\/image\/","url":"https:\/\/expo-vr.fr\/ReyniesArtDeco\/wp-content\/uploads\/2021\/11\/Logo-V2-copie.svg","contentUrl":"https:\/\/expo-vr.fr\/ReyniesArtDeco\/wp-content\/uploads\/2021\/11\/Logo-V2-copie.svg","width":127,"height":56,"caption":"Ville de Reyni\u00e8s"},"image":{"@id":"https:\/\/expo-vr.fr\/ReyniesArtDeco\/#\/schema\/logo\/image\/"}}]}},"_links":{"self":[{"href":"https:\/\/expo-vr.fr\/ReyniesArtDeco\/wp-json\/wp\/v2\/pages\/518","targetHints":{"allow":["GET"]}}],"collection":[{"href":"https:\/\/expo-vr.fr\/ReyniesArtDeco\/wp-json\/wp\/v2\/pages"}],"about":[{"href":"https:\/\/expo-vr.fr\/ReyniesArtDeco\/wp-json\/wp\/v2\/types\/page"}],"author":[{"embeddable":true,"href":"https:\/\/expo-vr.fr\/ReyniesArtDeco\/wp-json\/wp\/v2\/users\/6"}],"replies":[{"embeddable":true,"href":"https:\/\/expo-vr.fr\/ReyniesArtDeco\/wp-json\/wp\/v2\/comments?post=518"}],"version-history":[{"count":0,"href":"https:\/\/expo-vr.fr\/ReyniesArtDeco\/wp-json\/wp\/v2\/pages\/518\/revisions"}],"wp:attachment":[{"href":"https:\/\/expo-vr.fr\/ReyniesArtDeco\/wp-json\/wp\/v2\/media?parent=518"}],"curies":[{"name":"wp","href":"https:\/\/api.w.org\/{rel}","templated":true}]}}