{"version":"1.0","provider_name":"Reynies Art D\u00e9co, un village du XXe si\u00e8cle","provider_url":"https:\/\/expo-vr.fr\/ReyniesArtDeco","title":"Mobilier Art D\u00e9co - Reynies Art D\u00e9co, un village du XXe si\u00e8cle","type":"rich","width":600,"height":338,"html":"<blockquote class=\"wp-embedded-content\" data-secret=\"zfvwwzgrtg\"><a href=\"https:\/\/expo-vr.fr\/ReyniesArtDeco\/mobilier\/\">Mobilier Art D\u00e9co<\/a><\/blockquote><iframe sandbox=\"allow-scripts\" security=\"restricted\" src=\"https:\/\/expo-vr.fr\/ReyniesArtDeco\/mobilier\/embed\/#?secret=zfvwwzgrtg\" width=\"600\" height=\"338\" title=\"\u00ab\u00a0Mobilier Art D\u00e9co\u00a0\u00bb &#8212; Reynies Art D\u00e9co, un village du XXe si\u00e8cle\" data-secret=\"zfvwwzgrtg\" frameborder=\"0\" marginwidth=\"0\" marginheight=\"0\" scrolling=\"no\" class=\"wp-embedded-content\"><\/iframe><script>\n\/*! This file is auto-generated *\/\n!function(d,l){\"use strict\";l.querySelector&&d.addEventListener&&\"undefined\"!=typeof URL&&(d.wp=d.wp||{},d.wp.receiveEmbedMessage||(d.wp.receiveEmbedMessage=function(e){var t=e.data;if((t||t.secret||t.message||t.value)&&!\/[^a-zA-Z0-9]\/.test(t.secret)){for(var s,r,n,a=l.querySelectorAll('iframe[data-secret=\"'+t.secret+'\"]'),o=l.querySelectorAll('blockquote[data-secret=\"'+t.secret+'\"]'),c=new RegExp(\"^https?:$\",\"i\"),i=0;i<o.length;i++)o[i].style.display=\"none\";for(i=0;i<a.length;i++)s=a[i],e.source===s.contentWindow&&(s.removeAttribute(\"style\"),\"height\"===t.message?(1e3<(r=parseInt(t.value,10))?r=1e3:~~r<200&&(r=200),s.height=r):\"link\"===t.message&&(r=new URL(s.getAttribute(\"src\")),n=new URL(t.value),c.test(n.protocol))&&n.host===r.host&&l.activeElement===s&&(d.top.location.href=t.value))}},d.addEventListener(\"message\",d.wp.receiveEmbedMessage,!1),l.addEventListener(\"DOMContentLoaded\",function(){for(var e,t,s=l.querySelectorAll(\"iframe.wp-embedded-content\"),r=0;r<s.length;r++)(t=(e=s[r]).getAttribute(\"data-secret\"))||(t=Math.random().toString(36).substring(2,12),e.src+=\"#?secret=\"+t,e.setAttribute(\"data-secret\",t)),e.contentWindow.postMessage({message:\"ready\",secret:t},\"*\")},!1)))}(window,document);\n\/\/# sourceURL=https:\/\/expo-vr.fr\/ReyniesArtDeco\/wp-includes\/js\/wp-embed.min.js\n<\/script>\n","description":"Apr\u00e8s la catastrophe et la reconstruction, quand les Reyni\u00e9siens et les Reyni\u00e9siennes ont pu se reloger dans leurs toutes nouvelles maisons Art d\u00e9co si color\u00e9es, ils ont d\u00fb meubler leurs nouveaux foyers. Gr\u00e2ce aux subventions et d\u00e9dommagements de l\u2019Etat ainsi qu\u2019aux dons des particuliers, les int\u00e9rieurs du village ont saut\u00e9 \u00e0 pieds joints dans la [&hellip;]","thumbnail_url":"https:\/\/expo-vr.fr\/ReyniesArtDeco\/wp-content\/uploads\/2022\/01\/Sol02.png"}