{"version":"1.0","provider_name":"Reynies Art D\u00e9co, un village du XXe si\u00e8cle","provider_url":"https:\/\/expo-vr.fr\/ReyniesArtDeco","title":"Architecture Art D\u00e9co 8 - Reynies Art D\u00e9co, un village du XXe si\u00e8cle","type":"rich","width":600,"height":338,"html":"<blockquote class=\"wp-embedded-content\" data-secret=\"kSYL5U5yag\"><a href=\"https:\/\/expo-vr.fr\/ReyniesArtDeco\/architecture-8\/\">Architecture Art D\u00e9co 8<\/a><\/blockquote><iframe sandbox=\"allow-scripts\" security=\"restricted\" src=\"https:\/\/expo-vr.fr\/ReyniesArtDeco\/architecture-8\/embed\/#?secret=kSYL5U5yag\" width=\"600\" height=\"338\" title=\"\u00ab\u00a0Architecture Art D\u00e9co 8\u00a0\u00bb &#8212; Reynies Art D\u00e9co, un village du XXe si\u00e8cle\" data-secret=\"kSYL5U5yag\" frameborder=\"0\" marginwidth=\"0\" marginheight=\"0\" scrolling=\"no\" class=\"wp-embedded-content\"><\/iframe><script>\n\/*! This file is auto-generated *\/\n!function(d,l){\"use strict\";l.querySelector&&d.addEventListener&&\"undefined\"!=typeof URL&&(d.wp=d.wp||{},d.wp.receiveEmbedMessage||(d.wp.receiveEmbedMessage=function(e){var t=e.data;if((t||t.secret||t.message||t.value)&&!\/[^a-zA-Z0-9]\/.test(t.secret)){for(var s,r,n,a=l.querySelectorAll('iframe[data-secret=\"'+t.secret+'\"]'),o=l.querySelectorAll('blockquote[data-secret=\"'+t.secret+'\"]'),c=new RegExp(\"^https?:$\",\"i\"),i=0;i<o.length;i++)o[i].style.display=\"none\";for(i=0;i<a.length;i++)s=a[i],e.source===s.contentWindow&&(s.removeAttribute(\"style\"),\"height\"===t.message?(1e3<(r=parseInt(t.value,10))?r=1e3:~~r<200&&(r=200),s.height=r):\"link\"===t.message&&(r=new URL(s.getAttribute(\"src\")),n=new URL(t.value),c.test(n.protocol))&&n.host===r.host&&l.activeElement===s&&(d.top.location.href=t.value))}},d.addEventListener(\"message\",d.wp.receiveEmbedMessage,!1),l.addEventListener(\"DOMContentLoaded\",function(){for(var e,t,s=l.querySelectorAll(\"iframe.wp-embedded-content\"),r=0;r<s.length;r++)(t=(e=s[r]).getAttribute(\"data-secret\"))||(t=Math.random().toString(36).substring(2,12),e.src+=\"#?secret=\"+t,e.setAttribute(\"data-secret\",t)),e.contentWindow.postMessage({message:\"ready\",secret:t},\"*\")},!1)))}(window,document);\n\/\/# sourceURL=https:\/\/expo-vr.fr\/ReyniesArtDeco\/wp-includes\/js\/wp-embed.min.js\n<\/script>\n","description":"B\u00e2timent Art D\u00e9co remarquable de par un travail sur les volumes fait sur sa fa\u00e7ade. L\u2019entr\u00e9e se trouve en renfoncement dans la fa\u00e7ade permettant de se d\u00e9velopper un porche en galerie dont l\u2019ouverture est arrondie. Les ouvertures dans la fa\u00e7ade sont agrandies et forment des balcons couverts faisant penser \u00e0 une coursive. Les s\u00e9ries de [&hellip;]","thumbnail_url":"https:\/\/expo-vr.fr\/ReyniesArtDeco\/wp-content\/uploads\/2021\/12\/A8.6-scaled.jpg"}